{"id":27,"date":"2019-01-29T12:04:49","date_gmt":"2019-01-29T12:04:49","guid":{"rendered":"http:\/\/netzwerk-nutricare.ch\/?page_id=27"},"modified":"2026-03-10T12:08:08","modified_gmt":"2026-03-10T11:08:08","slug":"kontakt","status":"publish","type":"page","link":"https:\/\/netzwerk-nutricare.ch\/index.php\/kontakt\/","title":{"rendered":"Das Team des Netzwerks Nutricare"},"content":{"rendered":"\n<h2 class=\"wp-block-heading has-medium-font-size\">Sie suchen krankenkassenanerkannte Ern\u00e4hrungsberatung\/Ern\u00e4hrungstherapie im Kanton Bern? Hier finden Sie die Links zu unseren Homepages.<\/h2>\n\n\n\n<div class=\"wp-block-media-text alignwide is-stacked-on-mobile\" style=\"grid-template-columns:39% auto\"><figure class=\"wp-block-media-text__media\"><img data-opt-id=2014544633  fetchpriority=\"high\" decoding=\"async\" width=\"480\" height=\"480\" src=\"https:\/\/mlp4lg76ledp.i.optimole.com\/w:auto\/h:auto\/q:mauto\/f:best\/https:\/\/netzwerk-nutricare.ch\/wp-content\/uploads\/2025\/06\/Anita-1.jpg\" alt=\"\" class=\"wp-image-740 size-full\" srcset=\"https:\/\/mlp4lg76ledp.i.optimole.com\/w:480\/h:480\/q:mauto\/f:best\/https:\/\/netzwerk-nutricare.ch\/wp-content\/uploads\/2025\/06\/Anita-1.jpg 480w, https:\/\/mlp4lg76ledp.i.optimole.com\/w:300\/h:300\/q:mauto\/f:best\/https:\/\/netzwerk-nutricare.ch\/wp-content\/uploads\/2025\/06\/Anita-1.jpg 300w, https:\/\/mlp4lg76ledp.i.optimole.com\/w:150\/h:150\/q:mauto\/f:best\/https:\/\/netzwerk-nutricare.ch\/wp-content\/uploads\/2025\/06\/Anita-1.jpg 150w, https:\/\/mlp4lg76ledp.i.optimole.com\/w:100\/h:100\/q:mauto\/f:best\/dpr:2\/https:\/\/netzwerk-nutricare.ch\/wp-content\/uploads\/2025\/06\/Anita-1.jpg 100w\" sizes=\"(max-width: 480px) 100vw, 480px\" \/><\/figure><div class=\"wp-block-media-text__content\">\n<p style=\"font-size:23px\">Anita Gr\u00f6li<\/p>\n\n\n\n<p><a href=\"https:\/\/die-ernaehrungsberaterin.ch\/\" target=\"_blank\" rel=\"noopener\" title=\"\"><\/a><a href=\"https:\/\/die-ernaehrungsberaterin.ch\/\" target=\"_blank\" rel=\"noreferrer noopener\">die-ernaehrungsberaterin.ch<\/a><br>Amselweg 9<br>3012 Bern&nbsp;<br>078 687 76 93&nbsp;<\/p>\n\n\n\n<p>Anita Gr\u00f6li c\/o Aerztecentrum Jegenstorf&nbsp;<br>Bernstr. 12&nbsp;<br>3303 Jegenstorf&nbsp;<br>031 764 60 60&nbsp;<\/p>\n<\/div><\/div>\n\n\n\n<div class=\"wp-block-media-text alignwide is-stacked-on-mobile\" style=\"grid-template-columns:39% auto\"><figure class=\"wp-block-media-text__media\"><img data-opt-id=1281640101  fetchpriority=\"high\" decoding=\"async\" width=\"740\" height=\"1024\" src=\"https:\/\/mlp4lg76ledp.i.optimole.com\/w:740\/h:1024\/q:mauto\/f:best\/https:\/\/netzwerk-nutricare.ch\/wp-content\/uploads\/2021\/12\/Arlette-Boller-Berger-2.jpg\" alt=\"\" class=\"wp-image-502 size-full\" srcset=\"https:\/\/mlp4lg76ledp.i.optimole.com\/w:740\/h:1024\/q:mauto\/f:best\/https:\/\/netzwerk-nutricare.ch\/wp-content\/uploads\/2021\/12\/Arlette-Boller-Berger-2.jpg 740w, https:\/\/mlp4lg76ledp.i.optimole.com\/w:217\/h:300\/q:mauto\/f:best\/https:\/\/netzwerk-nutricare.ch\/wp-content\/uploads\/2021\/12\/Arlette-Boller-Berger-2.jpg 217w, https:\/\/mlp4lg76ledp.i.optimole.com\/w:768\/h:1062\/q:mauto\/f:best\/https:\/\/netzwerk-nutricare.ch\/wp-content\/uploads\/2021\/12\/Arlette-Boller-Berger-2.jpg 768w, https:\/\/mlp4lg76ledp.i.optimole.com\/w:781\/h:1080\/q:mauto\/f:best\/https:\/\/netzwerk-nutricare.ch\/wp-content\/uploads\/2021\/12\/Arlette-Boller-Berger-2.jpg 1111w, https:\/\/mlp4lg76ledp.i.optimole.com\/w:780\/h:1080\/q:mauto\/f:best\/https:\/\/netzwerk-nutricare.ch\/wp-content\/uploads\/2021\/12\/Arlette-Boller-Berger-2.jpg 1258w\" sizes=\"(max-width: 706px) 89vw, (max-width: 767px) 82vw, 740px\" \/><\/figure><div class=\"wp-block-media-text__content\">\n<p style=\"font-size:23px\"> Arlette Boller <\/p>\n\n\n\n<p><a rel=\"noreferrer noopener\" href=\"https:\/\/www.wissenumsessen.ch\" target=\"_blank\">wissenumsessen.ch<\/a><br>Bernstrasse 13<br>3110 M\u00fcnsingen<br>079 795 79 58<\/p>\n\n\n\n<p><a rel=\"noreferrer noopener\" href=\"https:\/\/www.ernaehrungsberatung-monbijou.ch\/\" target=\"_blank\">Ern\u00e4hrungsberatung MonBijou<\/a><br>Schwarztorstrasse 11<br>3007 Bern<br>031 372 07 1<\/p>\n<\/div><\/div>\n\n\n\n<div class=\"wp-block-media-text alignwide is-stacked-on-mobile\" style=\"grid-template-columns:39% auto\"><figure class=\"wp-block-media-text__media\"><img data-opt-id=742200518  fetchpriority=\"high\" decoding=\"async\" width=\"248\" height=\"300\" src=\"https:\/\/mlp4lg76ledp.i.optimole.com\/w:auto\/h:auto\/q:mauto\/f:best\/https:\/\/netzwerk-nutricare.ch\/wp-content\/uploads\/2021\/06\/Sonja-e1618556650925.png\" alt=\"\" class=\"wp-image-410 size-full\"\/><\/figure><div class=\"wp-block-media-text__content\">\n<p style=\"font-size:23px\">Sonja Erni<\/p>\n\n\n\n<p><a href=\"https:\/\/www.die-ernaehrungsberaterin.ch\/\" target=\"_blank\" rel=\"noreferrer noopener\">die-ernaehrungsberaterin.ch<\/a><br \/>Kirchbergstrasse 97<br \/>3400 Burgdorf<br \/>078 960 86 76<\/p>\n\n\n\n<p><\/p>\n<\/div><\/div>\n\n\n\n<p><\/p>\n\n\n\n<div class=\"wp-block-media-text alignwide is-stacked-on-mobile\" style=\"grid-template-columns:39% auto\"><figure class=\"wp-block-media-text__media\"><img data-opt-id=1419625366  data-opt-src=\"https:\/\/mlp4lg76ledp.i.optimole.com\/w:auto\/h:auto\/q:mauto\/f:best\/https:\/\/netzwerk-nutricare.ch\/wp-content\/uploads\/2021\/04\/Beatrice_Fischer.jpg\"  decoding=\"async\" width=\"201\" height=\"300\" src=\"https:\/\/mlp4lg76ledp.i.optimole.com\/w:auto\/h:auto\/q:eco\/f:best\/https:\/\/netzwerk-nutricare.ch\/wp-content\/uploads\/2021\/04\/Beatrice_Fischer.jpg\" alt=\"\" class=\"wp-image-375 size-full\"\/><\/figure><div class=\"wp-block-media-text__content\">\n<p style=\"font-size:23px\">Beatrice Fischer<\/p>\n\n\n\n<p><a rel=\"noreferrer noopener\" href=\"https:\/\/fischer-erb.ch\/\" target=\"_blank\">Fischer Ern\u00e4hrungsberatung <\/a><br>Sandmatten 8<br>3122 Meiringen<br>079 208 04 21<\/p>\n\n\n\n<p><\/p>\n\n\n\n<p><br><\/p>\n<\/div><\/div>\n\n\n\n<div class=\"wp-block-media-text alignwide is-stacked-on-mobile\" style=\"grid-template-columns:37% auto\"><figure class=\"wp-block-media-text__media\"><img data-opt-id=1593825540  data-opt-src=\"https:\/\/mlp4lg76ledp.i.optimole.com\/w:auto\/h:auto\/q:mauto\/f:best\/https:\/\/netzwerk-nutricare.ch\/wp-content\/uploads\/2021\/04\/Martin-Ruegge.jpg\"  decoding=\"async\" width=\"201\" height=\"300\" src=\"https:\/\/mlp4lg76ledp.i.optimole.com\/w:auto\/h:auto\/q:eco\/f:best\/https:\/\/netzwerk-nutricare.ch\/wp-content\/uploads\/2021\/04\/Martin-Ruegge.jpg\" alt=\"\" class=\"wp-image-376 size-full\"\/><\/figure><div class=\"wp-block-media-text__content\">\n<p style=\"font-size:23px\">Martin Ruegge<\/p>\n\n\n\n<p><a href=\"https:\/\/www.ernaehrungsberatung-monbijou.ch\/\" target=\"_blank\" rel=\"noreferrer noopener\">Ern\u00e4hrungsberatung MonBijou<\/a><br \/>Schwarztorstrasse 11 <br \/>3007 Bern<br \/>031 372 07 12<\/p>\n<p><a href=\"https:\/\/www.ernaehrungsberatung-monbijou.ch\/standort-m%C3%BCnchenbuchsee\/\" target=\"_blank\" rel=\"noopener\">Standort M\u00fcnchenbuchsee<\/a><br \/>Fellenbergstrasse 11<br \/>3053 M\u00fcnchenbuchsee<br \/>076 246 66 27<\/p>\n\n\n\n<p><\/p>\n\n\n\n<p><\/p>\n<\/div><\/div>\n\n\n\n<div class=\"wp-block-group alignwide\"><div class=\"wp-block-group__inner-container is-layout-flow wp-block-group-is-layout-flow\">\n<div class=\"wp-block-media-text alignwide is-stacked-on-mobile\" style=\"grid-template-columns:37% auto\"><figure class=\"wp-block-media-text__media\"><a href=\"www.suedbahnhof.ch \" target=\"_blank\" rel=\"noopener\"><img data-opt-id=1044432748  data-opt-src=\"https:\/\/mlp4lg76ledp.i.optimole.com\/w:880\/h:1024\/q:mauto\/f:best\/https:\/\/netzwerk-nutricare.ch\/wp-content\/uploads\/2021\/11\/Patricia-2.jpg\"  decoding=\"async\" width=\"880\" height=\"1024\" src=\"https:\/\/mlp4lg76ledp.i.optimole.com\/w:880\/h:1024\/q:eco\/f:best\/https:\/\/netzwerk-nutricare.ch\/wp-content\/uploads\/2021\/11\/Patricia-2.jpg\" alt=\"\" class=\"wp-image-497 size-full\" old-srcset=\"https:\/\/mlp4lg76ledp.i.optimole.com\/w:880\/h:1024\/q:mauto\/f:best\/https:\/\/netzwerk-nutricare.ch\/wp-content\/uploads\/2021\/11\/Patricia-2.jpg 880w, https:\/\/mlp4lg76ledp.i.optimole.com\/w:258\/h:300\/q:mauto\/f:best\/https:\/\/netzwerk-nutricare.ch\/wp-content\/uploads\/2021\/11\/Patricia-2.jpg 258w, https:\/\/mlp4lg76ledp.i.optimole.com\/w:768\/h:894\/q:mauto\/f:best\/https:\/\/netzwerk-nutricare.ch\/wp-content\/uploads\/2021\/11\/Patricia-2.jpg 768w, https:\/\/mlp4lg76ledp.i.optimole.com\/w:928\/h:1080\/q:mauto\/f:best\/https:\/\/netzwerk-nutricare.ch\/wp-content\/uploads\/2021\/11\/Patricia-2.jpg 1320w, https:\/\/mlp4lg76ledp.i.optimole.com\/w:927\/h:1080\/q:mauto\/f:best\/https:\/\/netzwerk-nutricare.ch\/wp-content\/uploads\/2021\/11\/Patricia-2.jpg 1759w, https:\/\/mlp4lg76ledp.i.optimole.com\/w:927\/h:1080\/q:mauto\/f:best\/https:\/\/netzwerk-nutricare.ch\/wp-content\/uploads\/2021\/11\/Patricia-2.jpg 1859w\" \/><\/a><\/figure><div class=\"wp-block-media-text__content\">\n<p style=\"font-size:23px\">Patricia Teuscher<\/p>\n\n\n\n<p><a href=\"http:\/\/www.ernaehrungsberatung-teuscher.ch\">ernaehrungsberatung-teuscher.ch<\/a><br>\u00c4rztezentrum S\u00fcdbahnhof AG<br>Chutzenstrasse 24<br>3007 Bern<br>078 257 60 90<br>031 370 01 60&nbsp;<\/p>\n\n\n\n<p><a href=\"https:\/\/www.ernaehrungsberatung-monbijou.ch\/\" target=\"_blank\" rel=\"noreferrer noopener\">Ern\u00e4hrungsberatung MonBijou<\/a><br>Schwarztorstrasse 11<br>3007 Bern<br>031 372 07 12<\/p>\n\n\n\n<p><\/p>\n\n\n\n<p><\/p>\n<\/div><\/div>\n\n\n\n<div class=\"wp-block-media-text alignwide is-stacked-on-mobile\" style=\"grid-template-columns:37% auto\"><figure class=\"wp-block-media-text__media\"><a href=\"www.suedbahnhof.ch \" target=\"_blank\" rel=\"noopener\"><img data-opt-id=1536688706  data-opt-src=\"https:\/\/mlp4lg76ledp.i.optimole.com\/w:auto\/h:auto\/q:mauto\/f:best\/https:\/\/netzwerk-nutricare.ch\/wp-content\/uploads\/2025\/03\/Screenshot-2025-03-12-213121.png\"  decoding=\"async\" width=\"361\" height=\"457\" src=\"https:\/\/mlp4lg76ledp.i.optimole.com\/w:auto\/h:auto\/q:eco\/f:best\/https:\/\/netzwerk-nutricare.ch\/wp-content\/uploads\/2025\/03\/Screenshot-2025-03-12-213121.png\" alt=\"\" class=\"wp-image-690 size-full\" old-srcset=\"https:\/\/mlp4lg76ledp.i.optimole.com\/w:361\/h:457\/q:mauto\/f:best\/https:\/\/netzwerk-nutricare.ch\/wp-content\/uploads\/2025\/03\/Screenshot-2025-03-12-213121.png 361w, https:\/\/mlp4lg76ledp.i.optimole.com\/w:237\/h:300\/q:mauto\/f:best\/https:\/\/netzwerk-nutricare.ch\/wp-content\/uploads\/2025\/03\/Screenshot-2025-03-12-213121.png 237w\" \/><\/a><\/figure><div class=\"wp-block-media-text__content\">\n<p style=\"font-size:23px\">Christine Wenger<\/p>\n\n\n\n<p><a href=\"https:\/\/ernaehrungsberatung-wenger.ch\/\" target=\"_blank\" rel=\"noreferrer noopener\">ernaehrungsberatung-wenger.ch<\/a><br>Frutigenstrasse 6<br>3600 Thun<br>033 221 01 47<\/p>\n\n\n\n<p><\/p>\n<\/div><\/div>\n<\/div><\/div>\n\n\n\n\n\n<p><\/p>\n\n\n\n<h2 class=\"wp-block-heading\"><\/h2>\n\n\n\n<h4 class=\"wp-block-heading\">Wir freuen uns auf Ihre Kontaktaufnahme per E-Mail an uns oder direkt an die Ern\u00e4hrungsberaterin in Ihrer N\u00e4he. <\/h4>\n\n\n\n<div class=\"wp-block-media-text alignwide is-stacked-on-mobile\" style=\"grid-template-columns:37% auto\"><figure class=\"wp-block-media-text__media\"><img data-opt-id=2283326  data-opt-src=\"https:\/\/mlp4lg76ledp.i.optimole.com\/w:auto\/h:auto\/q:mauto\/f:best\/https:\/\/netzwerk-nutricare.ch\/wp-content\/uploads\/2022\/01\/21-12-Anna-Barbara_003_hoch.jpeg\"  decoding=\"async\" width=\"170\" height=\"213\" src=\"https:\/\/mlp4lg76ledp.i.optimole.com\/w:auto\/h:auto\/q:eco\/f:best\/https:\/\/netzwerk-nutricare.ch\/wp-content\/uploads\/2022\/01\/21-12-Anna-Barbara_003_hoch.jpeg\" alt=\"\" class=\"wp-image-538 size-full\"\/><\/figure><div class=\"wp-block-media-text__content\">\n<h1 class=\"wp-block-heading\">Anna-Barbara Sterchi<\/h1>\n\n\n\n<p>Mit grosser Best\u00fcrzung haben wir vom Tod von Anna-Barbara Sterchi erfahren. Anna-Barbara Sterchi hatte das Netzwerk Nutricare gegr\u00fcndet und war mit sehr viel Leidenschaft und Herzblut bei all unseren Sitzungen dabei. <br>Unser tiefstes Mitgef\u00fchl gilt den Angeh\u00f6rigen. Wir w\u00fcnschen ihnen in dieser schweren Zeit viel Kraft und Trost.<br>Anna-Barbara Sterchi wird f\u00fcr immer in unseren Herzen bleiben. <\/p>\n\n\n\n<p><\/p>\n<\/div><\/div>\n","protected":false},"excerpt":{"rendered":"<p>Sie suchen krankenkassenanerkannte Ern\u00e4hrungsberatung\/Ern\u00e4hrungstherapie im Kanton Bern? Hier finden Sie die Links zu unseren Homepages. Anita Gr\u00f6li die-ernaehrungsberaterin.chAmselweg 93012 Bern&nbsp;078 687 76 93&nbsp; Anita Gr\u00f6li c\/o Aerztecentrum Jegenstorf&nbsp;Bernstr. 12&nbsp;3303 Jegenstorf&nbsp;031 764 60 60&nbsp; Arlette Boller wissenumsessen.chBernstrasse 133110 M\u00fcnsingen079 795 79 58 Ern\u00e4hrungsberatung MonBijouSchwarztorstrasse 113007 Bern031 372 07 1 Sonja Erni die-ernaehrungsberaterin.chKirchbergstrasse 973400 Burgdorf078 960 86 &hellip; <\/p>\n<p class=\"link-more\"><a href=\"https:\/\/netzwerk-nutricare.ch\/index.php\/kontakt\/\" class=\"more-link\"><span class=\"screen-reader-text\">&#171;Das Team des Netzwerks Nutricare&#187;<\/span> weiterlesen<\/a><\/p>\n","protected":false},"author":1,"featured_media":0,"parent":0,"menu_order":0,"comment_status":"closed","ping_status":"closed","template":"","meta":{"om_disable_all_campaigns":false,"_monsterinsights_skip_tracking":false,"_monsterinsights_sitenote_active":false,"_monsterinsights_sitenote_note":"","_monsterinsights_sitenote_category":0,"footnotes":""},"class_list":["post-27","page","type-page","status-publish","hentry"],"aioseo_notices":[],"_links":{"self":[{"href":"https:\/\/netzwerk-nutricare.ch\/index.php\/wp-json\/wp\/v2\/pages\/27","targetHints":{"allow":["GET"]}}],"collection":[{"href":"https:\/\/netzwerk-nutricare.ch\/index.php\/wp-json\/wp\/v2\/pages"}],"about":[{"href":"https:\/\/netzwerk-nutricare.ch\/index.php\/wp-json\/wp\/v2\/types\/page"}],"author":[{"embeddable":true,"href":"https:\/\/netzwerk-nutricare.ch\/index.php\/wp-json\/wp\/v2\/users\/1"}],"replies":[{"embeddable":true,"href":"https:\/\/netzwerk-nutricare.ch\/index.php\/wp-json\/wp\/v2\/comments?post=27"}],"version-history":[{"count":139,"href":"https:\/\/netzwerk-nutricare.ch\/index.php\/wp-json\/wp\/v2\/pages\/27\/revisions"}],"predecessor-version":[{"id":836,"href":"https:\/\/netzwerk-nutricare.ch\/index.php\/wp-json\/wp\/v2\/pages\/27\/revisions\/836"}],"wp:attachment":[{"href":"https:\/\/netzwerk-nutricare.ch\/index.php\/wp-json\/wp\/v2\/media?parent=27"}],"curies":[{"name":"wp","href":"https:\/\/api.w.org\/{rel}","templated":true}]}}